{"id":368,"date":"2025-12-14T21:54:16","date_gmt":"2025-12-14T20:54:16","guid":{"rendered":"https:\/\/les-amadeus.fr\/?page_id=368"},"modified":"2025-12-14T21:54:16","modified_gmt":"2025-12-14T20:54:16","slug":"homecourt-2025","status":"publish","type":"page","link":"https:\/\/les-amadeus.fr\/index.php\/homecourt-2025\/","title":{"rendered":"Hom\u00e9court 2025"},"content":{"rendered":"\n<p>Concert vivant en l&rsquo;\u00e9glise d&rsquo;Hom\u00e9court le dimanche 14 d\u00e9cembre 2025. Belle ambiance. On reviendra l&rsquo;an prochain&#8230;<\/p>\n\n\n\n<figure class=\"wp-block-image size-large\"><img loading=\"lazy\" decoding=\"async\" width=\"1024\" height=\"768\" src=\"https:\/\/les-amadeus.fr\/wp-content\/uploads\/2025\/12\/WhatsApp-Image-2025-12-14-at-21.09.11-1024x768.jpeg\" alt=\"\" class=\"wp-image-369\" srcset=\"https:\/\/les-amadeus.fr\/wp-content\/uploads\/2025\/12\/WhatsApp-Image-2025-12-14-at-21.09.11-1024x768.jpeg 1024w, https:\/\/les-amadeus.fr\/wp-content\/uploads\/2025\/12\/WhatsApp-Image-2025-12-14-at-21.09.11-300x225.jpeg 300w, https:\/\/les-amadeus.fr\/wp-content\/uploads\/2025\/12\/WhatsApp-Image-2025-12-14-at-21.09.11-768x576.jpeg 768w, https:\/\/les-amadeus.fr\/wp-content\/uploads\/2025\/12\/WhatsApp-Image-2025-12-14-at-21.09.11-1536x1152.jpeg 1536w, https:\/\/les-amadeus.fr\/wp-content\/uploads\/2025\/12\/WhatsApp-Image-2025-12-14-at-21.09.11-80x60.jpeg 80w, https:\/\/les-amadeus.fr\/wp-content\/uploads\/2025\/12\/WhatsApp-Image-2025-12-14-at-21.09.11.jpeg 2000w\" sizes=\"auto, (max-width: 1024px) 100vw, 1024px\" \/><\/figure>\n\n\n\n<figure class=\"wp-block-image size-large\"><img loading=\"lazy\" decoding=\"async\" width=\"1024\" height=\"768\" src=\"https:\/\/les-amadeus.fr\/wp-content\/uploads\/2025\/12\/WhatsApp-Image-2025-12-14-at-21.09.12-1-1024x768.jpeg\" alt=\"\" class=\"wp-image-370\" srcset=\"https:\/\/les-amadeus.fr\/wp-content\/uploads\/2025\/12\/WhatsApp-Image-2025-12-14-at-21.09.12-1-1024x768.jpeg 1024w, https:\/\/les-amadeus.fr\/wp-content\/uploads\/2025\/12\/WhatsApp-Image-2025-12-14-at-21.09.12-1-300x225.jpeg 300w, https:\/\/les-amadeus.fr\/wp-content\/uploads\/2025\/12\/WhatsApp-Image-2025-12-14-at-21.09.12-1-768x576.jpeg 768w, https:\/\/les-amadeus.fr\/wp-content\/uploads\/2025\/12\/WhatsApp-Image-2025-12-14-at-21.09.12-1-1536x1152.jpeg 1536w, https:\/\/les-amadeus.fr\/wp-content\/uploads\/2025\/12\/WhatsApp-Image-2025-12-14-at-21.09.12-1-80x60.jpeg 80w, https:\/\/les-amadeus.fr\/wp-content\/uploads\/2025\/12\/WhatsApp-Image-2025-12-14-at-21.09.12-1.jpeg 2000w\" sizes=\"auto, (max-width: 1024px) 100vw, 1024px\" \/><\/figure>\n\n\n\n<figure class=\"wp-block-image size-large\"><img loading=\"lazy\" decoding=\"async\" width=\"1024\" height=\"768\" src=\"https:\/\/les-amadeus.fr\/wp-content\/uploads\/2025\/12\/WhatsApp-Image-2025-12-14-at-21.09.12-2-1024x768.jpeg\" alt=\"\" class=\"wp-image-371\" srcset=\"https:\/\/les-amadeus.fr\/wp-content\/uploads\/2025\/12\/WhatsApp-Image-2025-12-14-at-21.09.12-2-1024x768.jpeg 1024w, https:\/\/les-amadeus.fr\/wp-content\/uploads\/2025\/12\/WhatsApp-Image-2025-12-14-at-21.09.12-2-300x225.jpeg 300w, https:\/\/les-amadeus.fr\/wp-content\/uploads\/2025\/12\/WhatsApp-Image-2025-12-14-at-21.09.12-2-768x576.jpeg 768w, https:\/\/les-amadeus.fr\/wp-content\/uploads\/2025\/12\/WhatsApp-Image-2025-12-14-at-21.09.12-2-1536x1152.jpeg 1536w, https:\/\/les-amadeus.fr\/wp-content\/uploads\/2025\/12\/WhatsApp-Image-2025-12-14-at-21.09.12-2-80x60.jpeg 80w, https:\/\/les-amadeus.fr\/wp-content\/uploads\/2025\/12\/WhatsApp-Image-2025-12-14-at-21.09.12-2.jpeg 2000w\" sizes=\"auto, (max-width: 1024px) 100vw, 1024px\" \/><\/figure>\n\n\n\n<figure class=\"wp-block-image size-large\"><img loading=\"lazy\" decoding=\"async\" width=\"1024\" height=\"768\" src=\"https:\/\/les-amadeus.fr\/wp-content\/uploads\/2025\/12\/WhatsApp-Image-2025-12-14-at-21.09.12-1024x768.jpeg\" alt=\"\" class=\"wp-image-372\" srcset=\"https:\/\/les-amadeus.fr\/wp-content\/uploads\/2025\/12\/WhatsApp-Image-2025-12-14-at-21.09.12-1024x768.jpeg 1024w, https:\/\/les-amadeus.fr\/wp-content\/uploads\/2025\/12\/WhatsApp-Image-2025-12-14-at-21.09.12-300x225.jpeg 300w, https:\/\/les-amadeus.fr\/wp-content\/uploads\/2025\/12\/WhatsApp-Image-2025-12-14-at-21.09.12-768x576.jpeg 768w, https:\/\/les-amadeus.fr\/wp-content\/uploads\/2025\/12\/WhatsApp-Image-2025-12-14-at-21.09.12-1536x1152.jpeg 1536w, https:\/\/les-amadeus.fr\/wp-content\/uploads\/2025\/12\/WhatsApp-Image-2025-12-14-at-21.09.12-80x60.jpeg 80w, https:\/\/les-amadeus.fr\/wp-content\/uploads\/2025\/12\/WhatsApp-Image-2025-12-14-at-21.09.12.jpeg 2000w\" sizes=\"auto, (max-width: 1024px) 100vw, 1024px\" \/><\/figure>\n","protected":false},"excerpt":{"rendered":"<p>Concert vivant en l&rsquo;\u00e9glise d&rsquo;Hom\u00e9court le dimanche 14 d\u00e9cembre 2025. Belle ambiance. On reviendra l&rsquo;an prochain&#8230;<\/p>\n","protected":false},"author":1,"featured_media":0,"parent":0,"menu_order":0,"comment_status":"closed","ping_status":"closed","template":"","meta":{"footnotes":""},"class_list":["post-368","page","type-page","status-publish","hentry"],"_links":{"self":[{"href":"https:\/\/les-amadeus.fr\/index.php\/wp-json\/wp\/v2\/pages\/368","targetHints":{"allow":["GET"]}}],"collection":[{"href":"https:\/\/les-amadeus.fr\/index.php\/wp-json\/wp\/v2\/pages"}],"about":[{"href":"https:\/\/les-amadeus.fr\/index.php\/wp-json\/wp\/v2\/types\/page"}],"author":[{"embeddable":true,"href":"https:\/\/les-amadeus.fr\/index.php\/wp-json\/wp\/v2\/users\/1"}],"replies":[{"embeddable":true,"href":"https:\/\/les-amadeus.fr\/index.php\/wp-json\/wp\/v2\/comments?post=368"}],"version-history":[{"count":1,"href":"https:\/\/les-amadeus.fr\/index.php\/wp-json\/wp\/v2\/pages\/368\/revisions"}],"predecessor-version":[{"id":373,"href":"https:\/\/les-amadeus.fr\/index.php\/wp-json\/wp\/v2\/pages\/368\/revisions\/373"}],"wp:attachment":[{"href":"https:\/\/les-amadeus.fr\/index.php\/wp-json\/wp\/v2\/media?parent=368"}],"curies":[{"name":"wp","href":"https:\/\/api.w.org\/{rel}","templated":true}]}}