{"id":447,"date":"2026-04-19T20:30:44","date_gmt":"2026-04-19T18:30:44","guid":{"rendered":"https:\/\/les-amadeus.fr\/?page_id=447"},"modified":"2026-04-24T16:03:39","modified_gmt":"2026-04-24T14:03:39","slug":"anoux-2026","status":"publish","type":"page","link":"https:\/\/les-amadeus.fr\/index.php\/anoux-2026\/","title":{"rendered":"Anoux 2026"},"content":{"rendered":"\n<p>Tr\u00e8s beau concert en partage avec la chanteuse Ana\u00efs Riquier et son guitariste Fran\u00e7ois.<\/p>\n\n\n\n<p><a href=\"https:\/\/les-amadeus.fr\/index.php\/2026\/02\/05\/prochain-concert-en-partenariat-avec-la-chanteuse-anais-riquier\/\">Cliquez ici pour voir l&rsquo;affiche<\/a>.<\/p>\n\n\n\n<figure class=\"wp-block-image size-large\"><img loading=\"lazy\" decoding=\"async\" width=\"1024\" height=\"685\" src=\"https:\/\/les-amadeus.fr\/wp-content\/uploads\/2026\/04\/Photo-de-groupe-AMADEUS-19.04.2026-1024x685.jpeg\" alt=\"\" class=\"wp-image-454\" srcset=\"https:\/\/les-amadeus.fr\/wp-content\/uploads\/2026\/04\/Photo-de-groupe-AMADEUS-19.04.2026-1024x685.jpeg 1024w, https:\/\/les-amadeus.fr\/wp-content\/uploads\/2026\/04\/Photo-de-groupe-AMADEUS-19.04.2026-300x201.jpeg 300w, https:\/\/les-amadeus.fr\/wp-content\/uploads\/2026\/04\/Photo-de-groupe-AMADEUS-19.04.2026-768x514.jpeg 768w, https:\/\/les-amadeus.fr\/wp-content\/uploads\/2026\/04\/Photo-de-groupe-AMADEUS-19.04.2026-1536x1027.jpeg 1536w, https:\/\/les-amadeus.fr\/wp-content\/uploads\/2026\/04\/Photo-de-groupe-AMADEUS-19.04.2026-2048x1370.jpeg 2048w, https:\/\/les-amadeus.fr\/wp-content\/uploads\/2026\/04\/Photo-de-groupe-AMADEUS-19.04.2026-90x60.jpeg 90w\" sizes=\"auto, (max-width: 1024px) 100vw, 1024px\" \/><\/figure>\n\n\n\n<figure class=\"wp-block-image size-large\"><img loading=\"lazy\" decoding=\"async\" width=\"576\" height=\"1024\" src=\"https:\/\/les-amadeus.fr\/wp-content\/uploads\/2026\/04\/IMG_20260419_141404-576x1024.jpg\" alt=\"\" class=\"wp-image-455\" srcset=\"https:\/\/les-amadeus.fr\/wp-content\/uploads\/2026\/04\/IMG_20260419_141404-576x1024.jpg 576w, https:\/\/les-amadeus.fr\/wp-content\/uploads\/2026\/04\/IMG_20260419_141404-169x300.jpg 169w, https:\/\/les-amadeus.fr\/wp-content\/uploads\/2026\/04\/IMG_20260419_141404-768x1365.jpg 768w, https:\/\/les-amadeus.fr\/wp-content\/uploads\/2026\/04\/IMG_20260419_141404-864x1536.jpg 864w, https:\/\/les-amadeus.fr\/wp-content\/uploads\/2026\/04\/IMG_20260419_141404-1153x2048.jpg 1153w, https:\/\/les-amadeus.fr\/wp-content\/uploads\/2026\/04\/IMG_20260419_141404-34x60.jpg 34w, https:\/\/les-amadeus.fr\/wp-content\/uploads\/2026\/04\/IMG_20260419_141404-scaled.jpg 1441w\" sizes=\"auto, (max-width: 576px) 100vw, 576px\" \/><\/figure>\n\n\n\n<figure class=\"wp-block-image size-large\"><img loading=\"lazy\" decoding=\"async\" width=\"1024\" height=\"576\" src=\"https:\/\/les-amadeus.fr\/wp-content\/uploads\/2026\/04\/IMG_20260419_140311-1024x576.jpg\" alt=\"\" class=\"wp-image-457\" srcset=\"https:\/\/les-amadeus.fr\/wp-content\/uploads\/2026\/04\/IMG_20260419_140311-1024x576.jpg 1024w, https:\/\/les-amadeus.fr\/wp-content\/uploads\/2026\/04\/IMG_20260419_140311-300x170.jpg 300w, https:\/\/les-amadeus.fr\/wp-content\/uploads\/2026\/04\/IMG_20260419_140311-768x432.jpg 768w, https:\/\/les-amadeus.fr\/wp-content\/uploads\/2026\/04\/IMG_20260419_140311-1536x864.jpg 1536w, https:\/\/les-amadeus.fr\/wp-content\/uploads\/2026\/04\/IMG_20260419_140311-2048x1153.jpg 2048w, https:\/\/les-amadeus.fr\/wp-content\/uploads\/2026\/04\/IMG_20260419_140311-107x60.jpg 107w\" sizes=\"auto, (max-width: 1024px) 100vw, 1024px\" \/><\/figure>\n\n\n\n<figure class=\"wp-block-image size-thumbnail is-resized\"><img loading=\"lazy\" decoding=\"async\" width=\"150\" height=\"150\" src=\"https:\/\/les-amadeus.fr\/wp-content\/uploads\/2026\/04\/Anais-150x150.jpg\" alt=\"\" class=\"wp-image-451\" style=\"aspect-ratio:1;object-fit:cover;width:120px\" srcset=\"https:\/\/les-amadeus.fr\/wp-content\/uploads\/2026\/04\/Anais-150x150.jpg 150w, https:\/\/les-amadeus.fr\/wp-content\/uploads\/2026\/04\/Anais-300x300.jpg 300w\" sizes=\"auto, (max-width: 150px) 100vw, 150px\" \/><\/figure>\n\n\n\n<div data-wp-interactive=\"core\/file\" class=\"wp-block-file\"><object data-wp-bind--hidden=\"!state.hasPdfPreview\" hidden class=\"wp-block-file__embed\" data=\"https:\/\/les-amadeus.fr\/wp-content\/uploads\/2026\/04\/2026.04.20-Article-presse-RL-Tartes-fromage-1.pdf\" type=\"application\/pdf\" style=\"width:100%;height:600px\" aria-label=\"Contenu embarqu\u00e9 2026.04.20 Article presse RL Tartes fromage (1).\"><\/object><a id=\"wp-block-file--media-4feb184e-aa10-4a99-89a3-77bbcf6b66d7\" href=\"https:\/\/les-amadeus.fr\/wp-content\/uploads\/2026\/04\/2026.04.20-Article-presse-RL-Tartes-fromage-1.pdf\">2026.04.20 Article presse RL Tartes fromage (1)<\/a><a href=\"https:\/\/les-amadeus.fr\/wp-content\/uploads\/2026\/04\/2026.04.20-Article-presse-RL-Tartes-fromage-1.pdf\" class=\"wp-block-file__button wp-element-button\" download aria-describedby=\"wp-block-file--media-4feb184e-aa10-4a99-89a3-77bbcf6b66d7\">T\u00e9l\u00e9charger<\/a><\/div>\n\n\n\n<div data-wp-interactive=\"core\/file\" class=\"wp-block-file\"><object data-wp-bind--hidden=\"!state.hasPdfPreview\" hidden class=\"wp-block-file__embed\" data=\"https:\/\/les-amadeus.fr\/wp-content\/uploads\/2026\/04\/2026.04.20-Article-presse-RL-Tartes-fromage-2.pdf\" type=\"application\/pdf\" style=\"width:100%;height:600px\" aria-label=\"Contenu embarqu\u00e9 2026.04.20 Article presse RL Tartes fromage (2).\"><\/object><a id=\"wp-block-file--media-b55685b9-061b-4038-8225-618450827783\" href=\"https:\/\/les-amadeus.fr\/wp-content\/uploads\/2026\/04\/2026.04.20-Article-presse-RL-Tartes-fromage-2.pdf\">2026.04.20 Article presse RL Tartes fromage (2)<\/a><a href=\"https:\/\/les-amadeus.fr\/wp-content\/uploads\/2026\/04\/2026.04.20-Article-presse-RL-Tartes-fromage-2.pdf\" class=\"wp-block-file__button wp-element-button\" download aria-describedby=\"wp-block-file--media-b55685b9-061b-4038-8225-618450827783\">T\u00e9l\u00e9charger<\/a><\/div>\n","protected":false},"excerpt":{"rendered":"<p>Tr\u00e8s beau concert en partage avec la chanteuse Ana\u00efs Riquier et son guitariste Fran\u00e7ois. Cliquez ici pour voir l&rsquo;affiche.<\/p>\n","protected":false},"author":1,"featured_media":0,"parent":0,"menu_order":0,"comment_status":"closed","ping_status":"closed","template":"","meta":{"footnotes":""},"class_list":["post-447","page","type-page","status-publish","hentry"],"_links":{"self":[{"href":"https:\/\/les-amadeus.fr\/index.php\/wp-json\/wp\/v2\/pages\/447","targetHints":{"allow":["GET"]}}],"collection":[{"href":"https:\/\/les-amadeus.fr\/index.php\/wp-json\/wp\/v2\/pages"}],"about":[{"href":"https:\/\/les-amadeus.fr\/index.php\/wp-json\/wp\/v2\/types\/page"}],"author":[{"embeddable":true,"href":"https:\/\/les-amadeus.fr\/index.php\/wp-json\/wp\/v2\/users\/1"}],"replies":[{"embeddable":true,"href":"https:\/\/les-amadeus.fr\/index.php\/wp-json\/wp\/v2\/comments?post=447"}],"version-history":[{"count":8,"href":"https:\/\/les-amadeus.fr\/index.php\/wp-json\/wp\/v2\/pages\/447\/revisions"}],"predecessor-version":[{"id":465,"href":"https:\/\/les-amadeus.fr\/index.php\/wp-json\/wp\/v2\/pages\/447\/revisions\/465"}],"wp:attachment":[{"href":"https:\/\/les-amadeus.fr\/index.php\/wp-json\/wp\/v2\/media?parent=447"}],"curies":[{"name":"wp","href":"https:\/\/api.w.org\/{rel}","templated":true}]}}